{"id":1424,"date":"2023-01-06T19:56:14","date_gmt":"2023-01-06T20:56:14","guid":{"rendered":"https:\/\/ruralturazores.com\/faialde-clima-temperado-a-macicos-mantos-de-hortencias\/"},"modified":"2023-03-02T16:12:30","modified_gmt":"2023-03-02T17:12:30","slug":"faialde-clima-temperado-a-macicos-mantos-de-hortencias","status":"publish","type":"page","link":"https:\/\/ruralturazores.com\/pt-pt\/faialde-clima-temperado-a-macicos-mantos-de-hortencias\/","title":{"rendered":"Faial<br>De clima temperado a maci\u00e7os mantos de hort\u00eancias."},"content":{"rendered":"<div class=\"wpb-content-wrapper\"><p>[vc_row fixed_width=&#8221;true&#8221; css=&#8221;.vc_custom_1673038774413{margin-top: 0px !important;margin-right: 0px !important;margin-bottom: 0px !important;margin-left: 0px !important;border-top-width: 0px !important;border-right-width: 0px !important;border-bottom-width: 0px !important;border-left-width: 0px !important;padding-top: 0px !important;padding-right: 0px !important;padding-bottom: 0px !important;padding-left: 0px !important;}&#8221;][vc_column width=&#8221;1\/2&#8243; css=&#8221;.vc_custom_1625655832067{margin-top: 0px !important;margin-right: 0px !important;margin-bottom: 0px !important;margin-left: 0px !important;border-top-width: 0px !important;border-right-width: 0px !important;border-bottom-width: 0px !important;border-left-width: 0px !important;padding-top: 0px !important;padding-right: 0px !important;padding-bottom: 0px !important;padding-left: 0px !important;}&#8221;][vc_column_text]O Faial situa-se no grupo central do arquip\u00e9lago dos A\u00e7ores, e faz parte das chamadas \u201cilhas do tri\u00e2ngulo\u201d, em conjunto com S\u00e3o Jorge e com a vizinha Ilha do Pico separada pelo Canal do Faial, um estreito bra\u00e7o de mar com cerca de 8 km de largura.<\/p>\n<p>A Ilha ocupa uma \u00e1rea de cerca de 172 km2, com 21km de comprimento e uma largura m\u00e1xima de 14km. Foi descoberta em 1427 e colonizada em 1432, por muitos naturais da Flandres. Ter\u00e1 recebido o nome de Faial por aqui existirem muitas faias Mas mais nenhuma ilha se pode orgulhar t\u00e3o justamente dos imensos maci\u00e7os de hort\u00eansias, em diversos tons de azul, que emolduram as casas, separam os campos e bordam as estradas, justificando o t\u00edtulo de Ilha Azul.<\/p>\n<p>A partir do s\u00e9culo XVII o Faial sofre um profundo desenvolvimento, tornando-se um importante entreposto comercial, devido \u00e0 sua posi\u00e7\u00e3o geogr\u00e1fica como porto seguro entre a Europa e as Am\u00e9ricas. Mais recentemente, foi eixo das comunica\u00e7\u00f5es entre continentes e hoje \u00e9 ponto de refer\u00eancia obrigat\u00f3rio do iatismo internacional.<\/p>\n<p>O clima \u00e9 temperado e suave, com fracas amplitudes t\u00e9rmicas. As temperaturas mais elevadas registam-se em agosto e as m\u00ednimas em fevereiro. As temperaturas m\u00e9dias por esta\u00e7\u00f5es s\u00e3o as seguintes: primavera 16\u00baC (60\u00baF), ver\u00e3o 21\u00baC (70\u00baF).[\/vc_column_text][\/vc_column][vc_column width=&#8221;1\/2&#8243;]<div id=\"jig1\" class=\"justified-image-grid jig-8645b1b08a331f21d29b79bf65c764e2 jig-preset-4 jig-source-wp-gallery jig-id-1932\"><div class=\"jig-clearfix\"><\/div><noscript id=\"jig1-html\" class=\"justified-image-grid-html\" data-lazy-src=\"skiplazyload\" data-src=\"skipunveillazyload\"><ul><li><a href=\"https:\/\/ruralturazores.com\/wp-content\/uploads\/2023\/01\/cidade-da-horta-vista-da-baia-da-horta-ilha-do-faial-acores-portugal-1024x685-1.jpg\"><img decoding=\"async\" src=\"https:\/\/ruralturazores.com\/wp-content\/plugins\/justified-image-grid\/timthumb.php?src=https%3A%2F%2Fruralturazores.com%2Fwp-content%2Fuploads%2F2023%2F01%2Fcidade-da-horta-vista-da-baia-da-horta-ilha-do-faial-acores-portugal-1024x685-1.jpg&amp;h=305&amp;w=407&amp;q=90&amp;f=.jpg\" alt=\"\" width=\"407\" height=\"305\" \/><\/a><\/li><li><a href=\"https:\/\/ruralturazores.com\/wp-content\/uploads\/2023\/01\/1280px-caldeira-faial-3-1024x768-1.jpg\"><img decoding=\"async\" src=\"https:\/\/ruralturazores.com\/wp-content\/plugins\/justified-image-grid\/timthumb.php?src=https%3A%2F%2Fruralturazores.com%2Fwp-content%2Fuploads%2F2023%2F01%2F1280px-caldeira-faial-3-1024x768-1.jpg&amp;h=305&amp;w=407&amp;q=90&amp;f=.jpg\" alt=\"\" width=\"407\" height=\"305\" \/><\/a><\/li><li><a href=\"https:\/\/ruralturazores.com\/wp-content\/uploads\/2023\/01\/experiencias-outras1-819x1024-1.jpg\"><img decoding=\"async\" src=\"https:\/\/ruralturazores.com\/wp-content\/plugins\/justified-image-grid\/timthumb.php?src=https%3A%2F%2Fruralturazores.com%2Fwp-content%2Fuploads%2F2023%2F01%2Fexperiencias-outras1-819x1024-1.jpg&amp;h=305&amp;w=407&amp;q=90&amp;f=.jpg\" alt=\"\" width=\"407\" height=\"305\" \/><\/a><\/li><li><a href=\"https:\/\/ruralturazores.com\/wp-content\/uploads\/2023\/01\/experiencias-outras3-1024x682-1.jpg\"><img decoding=\"async\" src=\"https:\/\/ruralturazores.com\/wp-content\/plugins\/justified-image-grid\/timthumb.php?src=https%3A%2F%2Fruralturazores.com%2Fwp-content%2Fuploads%2F2023%2F01%2Fexperiencias-outras3-1024x682-1.jpg&amp;h=305&amp;w=407&amp;q=90&amp;f=.jpg\" alt=\"\" width=\"407\" height=\"305\" \/><\/a><\/li><li><a href=\"https:\/\/ruralturazores.com\/wp-content\/uploads\/2023\/01\/experiencias-outras2-1024x1024-1.jpg\"><img decoding=\"async\" src=\"https:\/\/ruralturazores.com\/wp-content\/plugins\/justified-image-grid\/timthumb.php?src=https%3A%2F%2Fruralturazores.com%2Fwp-content%2Fuploads%2F2023%2F01%2Fexperiencias-outras2-1024x1024-1.jpg&amp;h=305&amp;w=407&amp;q=90&amp;f=.jpg\" alt=\"\" width=\"407\" height=\"305\" \/><\/a><\/li><li><a href=\"https:\/\/ruralturazores.com\/wp-content\/uploads\/2023\/01\/experiencias-outras-1-1024x768-1.jpg\"><img decoding=\"async\" src=\"https:\/\/ruralturazores.com\/wp-content\/plugins\/justified-image-grid\/timthumb.php?src=https%3A%2F%2Fruralturazores.com%2Fwp-content%2Fuploads%2F2023%2F01%2Fexperiencias-outras-1-1024x768-1.jpg&amp;h=305&amp;w=407&amp;q=90&amp;f=.jpg\" alt=\"\" width=\"407\" height=\"305\" \/><\/a><\/li><\/ul><\/noscript><\/div>[\/vc_column][\/vc_row][vc_row css=&#8221;.vc_custom_1625655823267{margin-top: 0px !important;margin-right: 0px !important;margin-bottom: 0px !important;margin-left: 0px !important;border-top-width: 0px !important;border-right-width: 0px !important;border-bottom-width: 0px !important;border-left-width: 0px !important;padding-top: 0px !important;padding-right: 0px !important;padding-bottom: 0px !important;padding-left: 0px !important;}&#8221;][vc_column css=&#8221;.vc_custom_1625655832067{margin-top: 0px !important;margin-right: 0px !important;margin-bottom: 0px !important;margin-left: 0px !important;border-top-width: 0px !important;border-right-width: 0px !important;border-bottom-width: 0px !important;border-left-width: 0px !important;padding-top: 0px !important;padding-right: 0px !important;padding-bottom: 0px !important;padding-left: 0px !important;}&#8221;][sbs_wpb_openstreetmap map_style=&#8221;OpenStreetMap.DE&#8221; external_link_openstreetmap=&#8221;&#8221; map_height=&#8221;30&#8243; zoom=&#8221;12&#8243; ctrl_mouse_zoom=&#8221;&#8221; latitude=&#8221;38.57956555&#8243; longitude=&#8221;-28.70961693&#8243; center_marker=&#8221;0&#8243;][sbs_wpb_marker marker_source=&#8221;coordinates&#8221; marker_color=&#8221;green&#8221; marker_latitude=&#8221;38.61732559&#8243; marker_longitude=&#8221;-28.72890428&#8243; marker_icon=&#8221;sbs-map-icon sbs-map-local-hotel&#8221;]Casas Darramada[\/sbs_wpb_marker][\/sbs_wpb_openstreetmap][\/vc_column][\/vc_row]<\/p>\n<\/div>","protected":false},"excerpt":{"rendered":"<p>[vc_row fixed_width=&#8221;true&#8221; css=&#8221;.vc_custom_1673038774413{margin-top: 0px !important;margin-right: 0px !important;margin-bottom: 0px !important;margin-left: 0px !important;border-top-width: 0px !important;border-right-width: 0px !important;border-bottom-width: 0px !important;border-left-width: 0px !important;padding-top: 0px !important;padding-right: 0px !important;padding-bottom: 0px !important;padding-left: 0px !important;}&#8221;][vc_column width=&#8221;1\/2&#8243; css=&#8221;.vc_custom_1625655832067{margin-top: 0px !important;margin-right: 0px !important;margin-bottom: 0px !important;margin-left: 0px !important;border-top-width: 0px !important;border-right-width: 0px !important;border-bottom-width: 0px !important;border-left-width: 0px !important;padding-top: 0px !important;padding-right: 0px !important;padding-bottom: 0px !important;padding-left: 0px !important;}&#8221;][vc_column_text]O Faial situa-se<\/p>\n<a href=\"https:\/\/ruralturazores.com\/pt-pt\/faialde-clima-temperado-a-macicos-mantos-de-hortencias\/\" class=\"sohohotel-more-link\">Read More<\/a>","protected":false},"author":1,"featured_media":1333,"parent":0,"menu_order":0,"comment_status":"closed","ping_status":"closed","template":"","meta":{"footnotes":""},"class_list":["post-1424","page","type-page","status-publish","has-post-thumbnail","hentry"],"yoast_head":"<!-- This site is optimized with the Yoast SEO plugin v27.5 - https:\/\/yoast.com\/product\/yoast-seo-wordpress\/ -->\n<title>FaialDe clima temperado a maci\u00e7os mantos de hort\u00eancias. - Casas Darramada<\/title>\n<meta name=\"robots\" content=\"index, follow, max-snippet:-1, max-image-preview:large, max-video-preview:-1\" \/>\n<link rel=\"canonical\" href=\"https:\/\/ruralturazores.com\/pt-pt\/faialde-clima-temperado-a-macicos-mantos-de-hortencias\/\" \/>\n<meta property=\"og:locale\" content=\"pt_PT\" \/>\n<meta property=\"og:type\" content=\"article\" \/>\n<meta property=\"og:title\" content=\"FaialDe clima temperado a maci\u00e7os mantos de hort\u00eancias. - Casas Darramada\" \/>\n<meta property=\"og:description\" content=\"[vc_row fixed_width=&#8221;true&#8221; css=&#8221;.vc_custom_1673038774413{margin-top: 0px !important;margin-right: 0px !important;margin-bottom: 0px !important;margin-left: 0px !important;border-top-width: 0px !important;border-right-width: 0px !important;border-bottom-width: 0px !important;border-left-width: 0px !important;padding-top: 0px !important;padding-right: 0px !important;padding-bottom: 0px !important;padding-left: 0px !important;}&#8221;][vc_column width=&#8221;1\/2&#8243; css=&#8221;.vc_custom_1625655832067{margin-top: 0px !important;margin-right: 0px !important;margin-bottom: 0px !important;margin-left: 0px !important;border-top-width: 0px !important;border-right-width: 0px !important;border-bottom-width: 0px !important;border-left-width: 0px !important;padding-top: 0px !important;padding-right: 0px !important;padding-bottom: 0px !important;padding-left: 0px !important;}&#8221;][vc_column_text]O Faial situa-se\" \/>\n<meta property=\"og:url\" content=\"https:\/\/ruralturazores.com\/pt-pt\/faialde-clima-temperado-a-macicos-mantos-de-hortencias\/\" \/>\n<meta property=\"og:site_name\" content=\"Casas Darramada\" \/>\n<meta property=\"article:publisher\" content=\"https:\/\/www.facebook.com\/casasdarramada\" \/>\n<meta property=\"article:modified_time\" content=\"2023-03-02T17:12:30+00:00\" \/>\n<meta property=\"og:image\" content=\"https:\/\/ruralturazores.com\/wp-content\/uploads\/2023\/01\/header-faial.jpg\" \/>\n\t<meta property=\"og:image:width\" content=\"1902\" \/>\n\t<meta property=\"og:image:height\" content=\"399\" \/>\n\t<meta property=\"og:image:type\" content=\"image\/jpeg\" \/>\n<meta name=\"twitter:card\" content=\"summary_large_image\" \/>\n<meta name=\"twitter:label1\" content=\"Tempo estimado de leitura\" \/>\n\t<meta name=\"twitter:data1\" content=\"2 minutos\" \/>\n<script type=\"application\/ld+json\" class=\"yoast-schema-graph\">{\"@context\":\"https:\\\/\\\/schema.org\",\"@graph\":[{\"@type\":\"WebPage\",\"@id\":\"https:\\\/\\\/ruralturazores.com\\\/pt-pt\\\/faialde-clima-temperado-a-macicos-mantos-de-hortencias\\\/\",\"url\":\"https:\\\/\\\/ruralturazores.com\\\/pt-pt\\\/faialde-clima-temperado-a-macicos-mantos-de-hortencias\\\/\",\"name\":\"Faial De clima temperado a maci\u00e7os mantos de hort\u00eancias. - Casas Darramada\",\"isPartOf\":{\"@id\":\"https:\\\/\\\/ruralturazores.com\\\/pt-pt\\\/#website\"},\"primaryImageOfPage\":{\"@id\":\"https:\\\/\\\/ruralturazores.com\\\/pt-pt\\\/faialde-clima-temperado-a-macicos-mantos-de-hortencias\\\/#primaryimage\"},\"image\":{\"@id\":\"https:\\\/\\\/ruralturazores.com\\\/pt-pt\\\/faialde-clima-temperado-a-macicos-mantos-de-hortencias\\\/#primaryimage\"},\"thumbnailUrl\":\"https:\\\/\\\/ruralturazores.com\\\/wp-content\\\/uploads\\\/2023\\\/01\\\/header-faial.jpg\",\"datePublished\":\"2023-01-06T20:56:14+00:00\",\"dateModified\":\"2023-03-02T17:12:30+00:00\",\"breadcrumb\":{\"@id\":\"https:\\\/\\\/ruralturazores.com\\\/pt-pt\\\/faialde-clima-temperado-a-macicos-mantos-de-hortencias\\\/#breadcrumb\"},\"inLanguage\":\"pt-PT\",\"potentialAction\":[{\"@type\":\"ReadAction\",\"target\":[\"https:\\\/\\\/ruralturazores.com\\\/pt-pt\\\/faialde-clima-temperado-a-macicos-mantos-de-hortencias\\\/\"]}]},{\"@type\":\"ImageObject\",\"inLanguage\":\"pt-PT\",\"@id\":\"https:\\\/\\\/ruralturazores.com\\\/pt-pt\\\/faialde-clima-temperado-a-macicos-mantos-de-hortencias\\\/#primaryimage\",\"url\":\"https:\\\/\\\/ruralturazores.com\\\/wp-content\\\/uploads\\\/2023\\\/01\\\/header-faial.jpg\",\"contentUrl\":\"https:\\\/\\\/ruralturazores.com\\\/wp-content\\\/uploads\\\/2023\\\/01\\\/header-faial.jpg\",\"width\":1902,\"height\":399},{\"@type\":\"BreadcrumbList\",\"@id\":\"https:\\\/\\\/ruralturazores.com\\\/pt-pt\\\/faialde-clima-temperado-a-macicos-mantos-de-hortencias\\\/#breadcrumb\",\"itemListElement\":[{\"@type\":\"ListItem\",\"position\":1,\"name\":\"Home\",\"item\":\"https:\\\/\\\/ruralturazores.com\\\/pt-pt\\\/\"},{\"@type\":\"ListItem\",\"position\":2,\"name\":\"FaialDe clima temperado a maci\u00e7os mantos de hort\u00eancias.\"}]},{\"@type\":\"WebSite\",\"@id\":\"https:\\\/\\\/ruralturazores.com\\\/pt-pt\\\/#website\",\"url\":\"https:\\\/\\\/ruralturazores.com\\\/pt-pt\\\/\",\"name\":\"Casas Darramada - Village Tourism\",\"description\":\"Turismo em Espa\u00e7o Rural\",\"publisher\":{\"@id\":\"https:\\\/\\\/ruralturazores.com\\\/pt-pt\\\/#organization\"},\"potentialAction\":[{\"@type\":\"SearchAction\",\"target\":{\"@type\":\"EntryPoint\",\"urlTemplate\":\"https:\\\/\\\/ruralturazores.com\\\/pt-pt\\\/?s={search_term_string}\"},\"query-input\":{\"@type\":\"PropertyValueSpecification\",\"valueRequired\":true,\"valueName\":\"search_term_string\"}}],\"inLanguage\":\"pt-PT\"},{\"@type\":\"Organization\",\"@id\":\"https:\\\/\\\/ruralturazores.com\\\/pt-pt\\\/#organization\",\"name\":\"Casas Darramada - Village Tourism\",\"url\":\"https:\\\/\\\/ruralturazores.com\\\/pt-pt\\\/\",\"logo\":{\"@type\":\"ImageObject\",\"inLanguage\":\"pt-PT\",\"@id\":\"https:\\\/\\\/ruralturazores.com\\\/pt-pt\\\/#\\\/schema\\\/logo\\\/image\\\/\",\"url\":\"https:\\\/\\\/ruralturazores.com\\\/wp-content\\\/uploads\\\/2022\\\/12\\\/cinza-logo.png\",\"contentUrl\":\"https:\\\/\\\/ruralturazores.com\\\/wp-content\\\/uploads\\\/2022\\\/12\\\/cinza-logo.png\",\"width\":135,\"height\":80,\"caption\":\"Casas Darramada - Village Tourism\"},\"image\":{\"@id\":\"https:\\\/\\\/ruralturazores.com\\\/pt-pt\\\/#\\\/schema\\\/logo\\\/image\\\/\"},\"sameAs\":[\"https:\\\/\\\/www.facebook.com\\\/casasdarramada\",\"https:\\\/\\\/www.instagram.com\\\/casasdarramada\\\/\"]}]}<\/script>\n<!-- \/ Yoast SEO plugin. -->","yoast_head_json":{"title":"FaialDe clima temperado a maci\u00e7os mantos de hort\u00eancias. - Casas Darramada","robots":{"index":"index","follow":"follow","max-snippet":"max-snippet:-1","max-image-preview":"max-image-preview:large","max-video-preview":"max-video-preview:-1"},"canonical":"https:\/\/ruralturazores.com\/pt-pt\/faialde-clima-temperado-a-macicos-mantos-de-hortencias\/","og_locale":"pt_PT","og_type":"article","og_title":"FaialDe clima temperado a maci\u00e7os mantos de hort\u00eancias. - Casas Darramada","og_description":"[vc_row fixed_width=&#8221;true&#8221; css=&#8221;.vc_custom_1673038774413{margin-top: 0px !important;margin-right: 0px !important;margin-bottom: 0px !important;margin-left: 0px !important;border-top-width: 0px !important;border-right-width: 0px !important;border-bottom-width: 0px !important;border-left-width: 0px !important;padding-top: 0px !important;padding-right: 0px !important;padding-bottom: 0px !important;padding-left: 0px !important;}&#8221;][vc_column width=&#8221;1\/2&#8243; css=&#8221;.vc_custom_1625655832067{margin-top: 0px !important;margin-right: 0px !important;margin-bottom: 0px !important;margin-left: 0px !important;border-top-width: 0px !important;border-right-width: 0px !important;border-bottom-width: 0px !important;border-left-width: 0px !important;padding-top: 0px !important;padding-right: 0px !important;padding-bottom: 0px !important;padding-left: 0px !important;}&#8221;][vc_column_text]O Faial situa-se","og_url":"https:\/\/ruralturazores.com\/pt-pt\/faialde-clima-temperado-a-macicos-mantos-de-hortencias\/","og_site_name":"Casas Darramada","article_publisher":"https:\/\/www.facebook.com\/casasdarramada","article_modified_time":"2023-03-02T17:12:30+00:00","og_image":[{"width":1902,"height":399,"url":"https:\/\/ruralturazores.com\/wp-content\/uploads\/2023\/01\/header-faial.jpg","type":"image\/jpeg"}],"twitter_card":"summary_large_image","twitter_misc":{"Tempo estimado de leitura":"2 minutos"},"schema":{"@context":"https:\/\/schema.org","@graph":[{"@type":"WebPage","@id":"https:\/\/ruralturazores.com\/pt-pt\/faialde-clima-temperado-a-macicos-mantos-de-hortencias\/","url":"https:\/\/ruralturazores.com\/pt-pt\/faialde-clima-temperado-a-macicos-mantos-de-hortencias\/","name":"Faial De clima temperado a maci\u00e7os mantos de hort\u00eancias. - Casas Darramada","isPartOf":{"@id":"https:\/\/ruralturazores.com\/pt-pt\/#website"},"primaryImageOfPage":{"@id":"https:\/\/ruralturazores.com\/pt-pt\/faialde-clima-temperado-a-macicos-mantos-de-hortencias\/#primaryimage"},"image":{"@id":"https:\/\/ruralturazores.com\/pt-pt\/faialde-clima-temperado-a-macicos-mantos-de-hortencias\/#primaryimage"},"thumbnailUrl":"https:\/\/ruralturazores.com\/wp-content\/uploads\/2023\/01\/header-faial.jpg","datePublished":"2023-01-06T20:56:14+00:00","dateModified":"2023-03-02T17:12:30+00:00","breadcrumb":{"@id":"https:\/\/ruralturazores.com\/pt-pt\/faialde-clima-temperado-a-macicos-mantos-de-hortencias\/#breadcrumb"},"inLanguage":"pt-PT","potentialAction":[{"@type":"ReadAction","target":["https:\/\/ruralturazores.com\/pt-pt\/faialde-clima-temperado-a-macicos-mantos-de-hortencias\/"]}]},{"@type":"ImageObject","inLanguage":"pt-PT","@id":"https:\/\/ruralturazores.com\/pt-pt\/faialde-clima-temperado-a-macicos-mantos-de-hortencias\/#primaryimage","url":"https:\/\/ruralturazores.com\/wp-content\/uploads\/2023\/01\/header-faial.jpg","contentUrl":"https:\/\/ruralturazores.com\/wp-content\/uploads\/2023\/01\/header-faial.jpg","width":1902,"height":399},{"@type":"BreadcrumbList","@id":"https:\/\/ruralturazores.com\/pt-pt\/faialde-clima-temperado-a-macicos-mantos-de-hortencias\/#breadcrumb","itemListElement":[{"@type":"ListItem","position":1,"name":"Home","item":"https:\/\/ruralturazores.com\/pt-pt\/"},{"@type":"ListItem","position":2,"name":"FaialDe clima temperado a maci\u00e7os mantos de hort\u00eancias."}]},{"@type":"WebSite","@id":"https:\/\/ruralturazores.com\/pt-pt\/#website","url":"https:\/\/ruralturazores.com\/pt-pt\/","name":"Casas Darramada - Village Tourism","description":"Turismo em Espa\u00e7o Rural","publisher":{"@id":"https:\/\/ruralturazores.com\/pt-pt\/#organization"},"potentialAction":[{"@type":"SearchAction","target":{"@type":"EntryPoint","urlTemplate":"https:\/\/ruralturazores.com\/pt-pt\/?s={search_term_string}"},"query-input":{"@type":"PropertyValueSpecification","valueRequired":true,"valueName":"search_term_string"}}],"inLanguage":"pt-PT"},{"@type":"Organization","@id":"https:\/\/ruralturazores.com\/pt-pt\/#organization","name":"Casas Darramada - Village Tourism","url":"https:\/\/ruralturazores.com\/pt-pt\/","logo":{"@type":"ImageObject","inLanguage":"pt-PT","@id":"https:\/\/ruralturazores.com\/pt-pt\/#\/schema\/logo\/image\/","url":"https:\/\/ruralturazores.com\/wp-content\/uploads\/2022\/12\/cinza-logo.png","contentUrl":"https:\/\/ruralturazores.com\/wp-content\/uploads\/2022\/12\/cinza-logo.png","width":135,"height":80,"caption":"Casas Darramada - Village Tourism"},"image":{"@id":"https:\/\/ruralturazores.com\/pt-pt\/#\/schema\/logo\/image\/"},"sameAs":["https:\/\/www.facebook.com\/casasdarramada","https:\/\/www.instagram.com\/casasdarramada\/"]}]}},"_links":{"self":[{"href":"https:\/\/ruralturazores.com\/pt-pt\/wp-json\/wp\/v2\/pages\/1424","targetHints":{"allow":["GET"]}}],"collection":[{"href":"https:\/\/ruralturazores.com\/pt-pt\/wp-json\/wp\/v2\/pages"}],"about":[{"href":"https:\/\/ruralturazores.com\/pt-pt\/wp-json\/wp\/v2\/types\/page"}],"author":[{"embeddable":true,"href":"https:\/\/ruralturazores.com\/pt-pt\/wp-json\/wp\/v2\/users\/1"}],"replies":[{"embeddable":true,"href":"https:\/\/ruralturazores.com\/pt-pt\/wp-json\/wp\/v2\/comments?post=1424"}],"version-history":[{"count":3,"href":"https:\/\/ruralturazores.com\/pt-pt\/wp-json\/wp\/v2\/pages\/1424\/revisions"}],"predecessor-version":[{"id":1934,"href":"https:\/\/ruralturazores.com\/pt-pt\/wp-json\/wp\/v2\/pages\/1424\/revisions\/1934"}],"wp:featuredmedia":[{"embeddable":true,"href":"https:\/\/ruralturazores.com\/pt-pt\/wp-json\/wp\/v2\/media\/1333"}],"wp:attachment":[{"href":"https:\/\/ruralturazores.com\/pt-pt\/wp-json\/wp\/v2\/media?parent=1424"}],"curies":[{"name":"wp","href":"https:\/\/api.w.org\/{rel}","templated":true}]}}